{"id":1105,"date":"2023-02-21T17:23:22","date_gmt":"2023-02-21T16:23:22","guid":{"rendered":"https:\/\/cpcms.fr\/2022\/?post_type=ht_kb&#038;p=1105"},"modified":"2023-02-21T17:23:29","modified_gmt":"2023-02-21T16:23:29","slug":"selarl-pharmacie-santos-dumont","status":"publish","type":"ht_kb","link":"https:\/\/cpcms.fr\/2022\/knowledge-base\/selarl-pharmacie-santos-dumont\/","title":{"rendered":"SELARL PHARMACIE SANTOS DUMONT"},"content":{"rendered":"<table style=\"width: 600px;\" border=\"0\" cellspacing=\"0\" cellpadding=\"3\">\n<tbody>\n<tr>\n<td class=\"td1\" colspan=\"2\" valign=\"top\">\n<p class=\"p1\"><strong><span style=\"color: #339933;\">IDENTIFICATION DE L\u2019OFFICINE ET DU MA\u00ceTRE DE STAGE<\/span><\/strong><\/p>\n<\/td>\n<\/tr>\n<tr valign=\"top\">\n<td width=\"368\">D\u00e9nomination commerciale de l&rsquo;officine<\/td>\n<td>SELARL PHARMACIE SANTOS DUMONT<\/td>\n<\/tr>\n<tr valign=\"top\">\n<td>Rue<\/td>\n<td>1-3 RUE SANTOS DUMONT<\/td>\n<\/tr>\n<tr valign=\"top\">\n<td>Code postal<\/td>\n<td>44300<\/td>\n<\/tr>\n<tr valign=\"top\">\n<td>Ville<\/td>\n<td>NANTES<\/td>\n<\/tr>\n<tr valign=\"top\">\n<td>T\u00e9l\u00e9phone fixe<\/td>\n<td>0240760334<\/td>\n<\/tr>\n<tr valign=\"top\">\n<td>E-mail<\/td>\n<td>phie.santosdumont@gmail.com<\/td>\n<\/tr>\n<tr valign=\"top\">\n<td>Nom, pr\u00e9nom du pharmacien ma\u00eetre de stage<\/td>\n<td>LE GALL Guillaume<\/td>\n<\/tr>\n<tr valign=\"top\">\n<td>Date de fin d&rsquo;agr\u00e9ment<\/td>\n<td>02-02-2028<\/td>\n<\/tr>\n<tr>\n<td class=\"td1\" colspan=\"2\" valign=\"top\">\n<hr \/>\n<p><strong><span style=\"color: #339933;\">TOPOGRAPHIE DE L\u2019OFFICINE<\/span><\/strong><\/td>\n<\/tr>\n<tr valign=\"top\">\n<td>Votre officine est-elle une pharmacie :<\/td>\n<td>De quartier<\/td>\n<\/tr>\n<tr valign=\"top\">\n<td>D\u00e9partement<\/td>\n<td>44 &#8211; Loire-atlantique<\/td>\n<\/tr>\n<tr valign=\"top\">\n<td>Distance entre la pharmacie et le point de desserte de transport en commun le plus proche (station de bus, m\u00e9tro\/RER, tramway, gare SNCF)<\/td>\n<td>10m<\/td>\n<\/tr>\n<tr>\n<td class=\"td1\" colspan=\"2\" valign=\"top\">\n<hr \/>\n<p><strong><span style=\"color: #339933;\">ASPECTS LOGISTIQUES DU STAGE<\/span><\/strong><\/td>\n<\/tr>\n<tr valign=\"top\">\n<td>Possibilit\u00e9 de proposer un moyen de transport (par exemple covoiturage ou autre)<\/td>\n<td>Non<\/td>\n<\/tr>\n<tr valign=\"top\">\n<td>Existe-t-il des facilit\u00e9s d&rsquo;h\u00e9bergement ?<\/td>\n<td>Non<\/td>\n<\/tr>\n<tr valign=\"top\">\n<td>Lundi<\/td>\n<td>08h30-12h30 \/ 14h00-19h30<\/td>\n<\/tr>\n<tr valign=\"top\">\n<td>Mardi<\/td>\n<td>08h30-12h30 \/ 14h00-19h30<\/td>\n<\/tr>\n<tr valign=\"top\">\n<td>Mercredi<\/td>\n<td>08h30-12h30 \/ 14h00-19h30<\/td>\n<\/tr>\n<tr valign=\"top\">\n<td>Jeudi<\/td>\n<td>08h30-12h30 \/ 14h00-19h30<\/td>\n<\/tr>\n<tr valign=\"top\">\n<td>Vendredi<\/td>\n<td>08h30-12h30 \/ 14h00-19h30<\/td>\n<\/tr>\n<tr valign=\"top\">\n<td>Samedi<\/td>\n<td>09h00-13h00<\/td>\n<\/tr>\n<tr valign=\"top\">\n<td>Seriez-vous \u00e9ventuellement favorable \u00e0 un stage de pratique professionnel partag\u00e9 &#8211; (3mois\/3mois)- pour permettre \u00e0 un \u00e9tudiant de d\u00e9couvrir deux officines diff\u00e9rentes (par exemple ville\/rurale) ?<\/td>\n<td>Oui<\/td>\n<\/tr>\n<tr>\n<td class=\"td1\" colspan=\"2\" valign=\"top\">\n<hr \/>\n<p><strong><span style=\"color: #339933;\">\u00c9QUIPE OFFICINALE &amp; ORGANISATION DES COMPETENCES<\/span><\/strong><\/td>\n<\/tr>\n<tr valign=\"top\">\n<td>Nombre total de pharmaciens co-titulaires :<\/td>\n<td>1<\/td>\n<\/tr>\n<tr valign=\"top\">\n<td>Nombre de pharmaciens adjoints (en ETP &#8211; \u00e9quivalent temps plein) :<\/td>\n<td>0.2<\/td>\n<\/tr>\n<tr valign=\"top\">\n<td>Nombre de pr\u00e9parateurs dipl\u00f4m\u00e9s en ETP (en ETP &#8211; \u00e9quivalent temps plein) :<\/td>\n<td>1.75<\/td>\n<\/tr>\n<tr valign=\"top\">\n<td>Y-a-t-il d&rsquo;autres membres du personnel :<\/td>\n<td>Non<\/td>\n<\/tr>\n<tr valign=\"top\">\n<td>Votre pharmacie a-t-elle accueilli des stagiaires dans les ann\u00e9es pr\u00e9c\u00e9dentes ?<\/td>\n<td>Non<\/td>\n<\/tr>\n<tr>\n<td class=\"td1\" colspan=\"2\" valign=\"top\">\n<hr \/>\n<p><strong><span style=\"color: #339933;\">D\u00c9L\u00c9GATION DE MISSION A UN PHARMACIEN ADJOINT MA\u00ceTRE DE STAGE<\/span><\/strong><\/td>\n<\/tr>\n<tr valign=\"top\">\n<td>Envisagez-vous ce type de d\u00e9l\u00e9gation ?<\/td>\n<td>Oui<\/td>\n<\/tr>\n<tr valign=\"top\">\n<td>pour quel type de stage ?<\/td>\n<td>initiation application et pratique professionnelle<\/td>\n<\/tr>\n<tr valign=\"top\">\n<td>dans quel domaine sp\u00e9cifique ?<\/td>\n<td>tous les domaines<\/td>\n<\/tr>\n<tr>\n<td class=\"td1\" colspan=\"2\" valign=\"top\">\n<hr \/>\n<p class=\"p1\"><strong><span style=\"color: #339933;\">ACTIVIT\u00c9S DE L\u2019OFFICINE<\/span><\/strong><\/p>\n<\/td>\n<\/tr>\n<tr valign=\"top\">\n<td>Votre pharmacie est-elle engag\u00e9e dans une d\u00e9marche de management de la qualit\u00e9 ?<\/td>\n<td>Oui<\/td>\n<\/tr>\n<tr valign=\"top\">\n<td>Etes-vous engag\u00e9 dans une d\u00e9marche de certification ISO 9001 ou similaire ?<\/td>\n<td>Non<\/td>\n<\/tr>\n<tr valign=\"top\">\n<td>\u2022 Entretiens pharmaceutiques<\/td>\n<td>Oui<\/td>\n<\/tr>\n<tr valign=\"top\">\n<td>\u2022 Bilan partag\u00e9 de m\u00e9dication<\/td>\n<td>Oui<\/td>\n<\/tr>\n<tr valign=\"top\">\n<td>\u2022 Education th\u00e9rapeutique du patient<\/td>\n<td>Oui<\/td>\n<\/tr>\n<tr valign=\"top\">\n<td>\u2022 Autres missions<\/td>\n<td>Oui<\/td>\n<\/tr>\n<tr valign=\"top\">\n<td>\u2022 Participez-vous \u00e0 des r\u00e9seaux ?<\/td>\n<td>Oui<\/td>\n<\/tr>\n<tr valign=\"top\">\n<td>\u2022 Si oui, lesquels<\/td>\n<td>MSP NANTES NORD<\/td>\n<\/tr>\n<tr valign=\"top\">\n<td>\u2022 Avez-vous une activit\u00e9 au titre de l&rsquo;HAD ?<\/td>\n<td>Oui<\/td>\n<\/tr>\n<tr valign=\"top\">\n<td>\u2022 Avez-vous une activit\u00e9 en relation avec un EHPAD ou une maison deretraite ?<\/td>\n<td>Non<\/td>\n<\/tr>\n<tr valign=\"top\">\n<td>Quelles sont les activit\u00e9s sp\u00e9cialis\u00e9es de votre officine ?<\/td>\n<td>Orthop\u00e9die<br \/>\nHom\u00e9opathie<br \/>\nMaintien \u00e0 domicile<br \/>\nPharmacie v\u00e9t\u00e9rinaire<br \/>\nDi\u00e9t\u00e9tique et nutrition<\/td>\n<\/tr>\n<tr>\n<td class=\"td1\" colspan=\"2\" valign=\"top\">\n<hr \/>\n<p class=\"p1\"><strong><span style=\"color: #339933;\">DOMAINES PARTICULIERS ET SPECIFIQUES DE COMPETENCES DU MA\u00ceTRE DE STAGE<\/span><\/strong><\/p>\n<\/td>\n<\/tr>\n<tr valign=\"top\">\n<td>Etes-vous titulaire d&rsquo;un (de) dipl\u00f4me(s) universitaire(s) ?<\/td>\n<td>Oui<\/td>\n<\/tr>\n<tr valign=\"top\">\n<td>\u2022 Si oui, lequel (lesquels) ?<\/td>\n<td>ORTHOPEDIE<\/td>\n<\/tr>\n<tr valign=\"top\">\n<td>Etes-vous titulaire d&rsquo;une (de) formation(s) sp\u00e9cialis\u00e9e(s) ?<\/td>\n<td>Oui<\/td>\n<\/tr>\n<tr valign=\"top\">\n<td>\u2022 Si oui, laquelle (lesquelles) ?<\/td>\n<td>MOOC MYCOLOGIE<\/td>\n<\/tr>\n<tr>\n<td class=\"td1\" colspan=\"2\" valign=\"top\">\n<hr \/>\n<p class=\"p1\"><strong><span style=\"color: #339933;\">D\u00c9VELOPPEMENT PROFESSIONNEL CONTINU &amp; INT\u00c9GRATION DE L\u2019\u00c9TUDIANT STAGIAIRE<\/span><\/strong><\/p>\n<\/td>\n<\/tr>\n<tr valign=\"top\">\n<td>Pouvez-vous expliciter bri\u00e8vement, les axes de formation que vous avez retenus comme strat\u00e9giques et ceux que vous projetez pour l&rsquo;avenir ?<\/td>\n<td>VACCINATION ET TROD COVID ACQUIS, TROD ANGINE A PREVOIR POUR LIMITER L&rsquo;ANTIBIORESISTANCE<\/td>\n<\/tr>\n<tr valign=\"top\">\n<td>Envisagez-vous d&rsquo;y associer un \u00e9tudiant stagiaire ?<\/td>\n<td>Oui<\/td>\n<\/tr>\n<tr valign=\"top\">\n<td>Organisez-vous d&rsquo;autres formations pour vous et votre \u00e9quipe ?<\/td>\n<td>Oui<\/td>\n<\/tr>\n<tr valign=\"top\">\n<td>Si oui, lesquelles?<\/td>\n<td>EXERCICE COORDONNE, PARCOURS DE SOIN DES PATIENTS SOUS CHIMIOTHERAPIE ORALE<\/td>\n<\/tr>\n<tr>\n<td class=\"td1\" colspan=\"2\" valign=\"top\">\n<hr \/>\n<p><strong><span style=\"color: #339933;\">MOTIVATION DU MA\u00ceTRE DE STAGE \u2013 ATTENTES DU MA\u00ceTRE DE STAGE<\/span><\/strong><\/td>\n<\/tr>\n<tr valign=\"top\">\n<td>Merci de d\u00e9velopper en quelques arguments votre implication et les raisons qui vous ont conduit \u00e0 assumer votre responsabilit\u00e9 de ma\u00eetre de stage.<\/td>\n<td>Durant mon cursus universitaire, j&rsquo;ai toujours \u00e9t\u00e9 bien re\u00e7u par les ma\u00eetres de stage. Ils m&rsquo;ont appris beaucoup, et ont particip\u00e9 \u00e0 ma formation de pharmacien d&rsquo;officine. Je souhaite retransmettre la m\u00eame chose aux \u00e9tudiants.<\/td>\n<\/tr>\n<tr valign=\"top\">\n<td>Qu&rsquo;attendez-vous de votre \u00e9tudiant stagiaire ?<\/td>\n<td>De la curiosit\u00e9 et l&rsquo;envie de s&rsquo;impliquer dans toutes les t\u00e2ches qui lui seront confi\u00e9es<\/td>\n<\/tr>\n<\/tbody>\n<\/table>\n","protected":false},"excerpt":{"rendered":"<p>IDENTIFICATION DE L\u2019OFFICINE ET DU MA\u00ceTRE DE STAGE D\u00e9nomination commerciale de l&rsquo;officine SELARL PHARMACIE SANTOS DUMONT Rue 1-3 RUE SANTOS DUMONT Code postal 44300 Ville NANTES T\u00e9l\u00e9phone fixe 0240760334 E-mail phie.santosdumont@gmail.com Nom, pr\u00e9nom du pharmacien ma\u00eetre de stage LE GALL Guillaume Date de fin d&rsquo;agr\u00e9ment 02-02-2028 TOPOGRAPHIE DE L\u2019OFFICINE Votre [&hellip;]<\/p>\n","protected":false},"author":1,"comment_status":"open","ping_status":"closed","template":"","format":"standard","meta":{"_monsterinsights_skip_tracking":false,"_monsterinsights_sitenote_active":false,"_monsterinsights_sitenote_note":"","_monsterinsights_sitenote_category":0,"footnotes":""},"ht-kb-category":[60],"ht-kb-tag":[],"class_list":["post-1105","ht_kb","type-ht_kb","status-publish","format-standard","hentry","ht_kb_category-fiches-informatives"],"aioseo_notices":[],"_links":{"self":[{"href":"https:\/\/cpcms.fr\/2022\/wp-json\/wp\/v2\/ht-kb\/1105","targetHints":{"allow":["GET"]}}],"collection":[{"href":"https:\/\/cpcms.fr\/2022\/wp-json\/wp\/v2\/ht-kb"}],"about":[{"href":"https:\/\/cpcms.fr\/2022\/wp-json\/wp\/v2\/types\/ht_kb"}],"author":[{"embeddable":true,"href":"https:\/\/cpcms.fr\/2022\/wp-json\/wp\/v2\/users\/1"}],"replies":[{"embeddable":true,"href":"https:\/\/cpcms.fr\/2022\/wp-json\/wp\/v2\/comments?post=1105"}],"version-history":[{"count":1,"href":"https:\/\/cpcms.fr\/2022\/wp-json\/wp\/v2\/ht-kb\/1105\/revisions"}],"predecessor-version":[{"id":1106,"href":"https:\/\/cpcms.fr\/2022\/wp-json\/wp\/v2\/ht-kb\/1105\/revisions\/1106"}],"wp:attachment":[{"href":"https:\/\/cpcms.fr\/2022\/wp-json\/wp\/v2\/media?parent=1105"}],"wp:term":[{"taxonomy":"ht_kb_category","embeddable":true,"href":"https:\/\/cpcms.fr\/2022\/wp-json\/wp\/v2\/ht-kb-category?post=1105"},{"taxonomy":"ht_kb_tag","embeddable":true,"href":"https:\/\/cpcms.fr\/2022\/wp-json\/wp\/v2\/ht-kb-tag?post=1105"}],"curies":[{"name":"wp","href":"https:\/\/api.w.org\/{rel}","templated":true}]}}