{"id":9,"date":"2023-03-13T11:49:31","date_gmt":"2023-03-13T10:49:31","guid":{"rendered":"https:\/\/cpcms.fr\/associations\/strasbourg\/?page_id=9"},"modified":"2025-11-23T11:46:08","modified_gmt":"2025-11-23T10:46:08","slug":"bureau","status":"publish","type":"page","link":"https:\/\/cpcms.fr\/associations\/strasbourg\/bureau\/","title":{"rendered":"Bureau"},"content":{"rendered":"\t\t<div data-elementor-type=\"wp-page\" data-elementor-id=\"9\" class=\"elementor elementor-9\">\n\t\t\t\t\t\t\t\t\t<section class=\"elementor-section elementor-top-section elementor-element elementor-element-eb8e011 elementor-section-boxed elementor-section-height-default elementor-section-height-default\" data-id=\"eb8e011\" data-element_type=\"section\">\n\t\t\t\t\t\t<div class=\"elementor-container elementor-column-gap-default\">\n\t\t\t\t\t<div class=\"elementor-column elementor-col-100 elementor-top-column elementor-element elementor-element-d59a95f\" data-id=\"d59a95f\" data-element_type=\"column\">\n\t\t\t<div class=\"elementor-widget-wrap elementor-element-populated\">\n\t\t\t\t\t\t\t\t<div class=\"elementor-element elementor-element-dea578b elementor-widget elementor-widget-heading\" data-id=\"dea578b\" data-element_type=\"widget\" data-widget_type=\"heading.default\">\n\t\t\t\t<div class=\"elementor-widget-container\">\n\t\t\t<style>\/*! elementor - v3.11.5 - 14-03-2023 *\/\n.elementor-heading-title{padding:0;margin:0;line-height:1}.elementor-widget-heading .elementor-heading-title[class*=elementor-size-]>a{color:inherit;font-size:inherit;line-height:inherit}.elementor-widget-heading .elementor-heading-title.elementor-size-small{font-size:15px}.elementor-widget-heading .elementor-heading-title.elementor-size-medium{font-size:19px}.elementor-widget-heading .elementor-heading-title.elementor-size-large{font-size:29px}.elementor-widget-heading .elementor-heading-title.elementor-size-xl{font-size:39px}.elementor-widget-heading .elementor-heading-title.elementor-size-xxl{font-size:59px}<\/style><h2 class=\"elementor-heading-title elementor-size-default\">Conseil d'administration<\/h2>\t\t<\/div>\n\t\t\t\t<\/div>\n\t\t\t\t\t<\/div>\n\t\t<\/div>\n\t\t\t\t\t\t\t<\/div>\n\t\t<\/section>\n\t\t\t\t<section class=\"elementor-section elementor-top-section elementor-element elementor-element-b048614 elementor-section-height-min-height elementor-section-boxed elementor-section-height-default elementor-section-items-middle\" data-id=\"b048614\" data-element_type=\"section\">\n\t\t\t\t\t\t<div class=\"elementor-container elementor-column-gap-default\">\n\t\t\t\t\t<div class=\"elementor-column elementor-col-25 elementor-top-column elementor-element elementor-element-2440033\" data-id=\"2440033\" data-element_type=\"column\">\n\t\t\t<div class=\"elementor-widget-wrap elementor-element-populated\">\n\t\t\t\t\t\t\t\t<div class=\"elementor-element elementor-element-c29c58b elementor-widget elementor-widget-image\" data-id=\"c29c58b\" data-element_type=\"widget\" data-widget_type=\"image.default\">\n\t\t\t\t<div class=\"elementor-widget-container\">\n\t\t\t<style>\/*! elementor - v3.11.5 - 14-03-2023 *\/\n.elementor-widget-image{text-align:center}.elementor-widget-image a{display:inline-block}.elementor-widget-image a img[src$=\".svg\"]{width:48px}.elementor-widget-image img{vertical-align:middle;display:inline-block}<\/style>\t\t\t\t\t\t\t\t\t<figure class=\"wp-caption\">\n\t\t\t\t\t\t\t\t\t\t<img loading=\"lazy\" decoding=\"async\" width=\"750\" height=\"750\" src=\"https:\/\/cpcms.fr\/associations\/strasbourg\/wp-content\/uploads\/2025\/11\/Photo-profil.png\" class=\"attachment-large size-large wp-image-209\" alt=\"\" srcset=\"https:\/\/cpcms.fr\/associations\/strasbourg\/wp-content\/uploads\/2025\/11\/Photo-profil.png 1024w, https:\/\/cpcms.fr\/associations\/strasbourg\/wp-content\/uploads\/2025\/11\/Photo-profil-300x300.png 300w, https:\/\/cpcms.fr\/associations\/strasbourg\/wp-content\/uploads\/2025\/11\/Photo-profil-150x150.png 150w, https:\/\/cpcms.fr\/associations\/strasbourg\/wp-content\/uploads\/2025\/11\/Photo-profil-768x768.png 768w\" sizes=\"auto, (max-width: 750px) 100vw, 750px\" \/>\t\t\t\t\t\t\t\t\t\t\t<figcaption class=\"widget-image-caption wp-caption-text\">Pr\u00e9sident : David Finantz<\/figcaption>\n\t\t\t\t\t\t\t\t\t\t<\/figure>\n\t\t\t\t\t\t\t\t\t<\/div>\n\t\t\t\t<\/div>\n\t\t\t\t\t<\/div>\n\t\t<\/div>\n\t\t\t\t<div class=\"elementor-column elementor-col-25 elementor-top-column elementor-element elementor-element-63e8ab2\" data-id=\"63e8ab2\" data-element_type=\"column\">\n\t\t\t<div class=\"elementor-widget-wrap elementor-element-populated\">\n\t\t\t\t\t\t\t\t<div class=\"elementor-element elementor-element-2fcea5a elementor-widget elementor-widget-image\" data-id=\"2fcea5a\" data-element_type=\"widget\" data-widget_type=\"image.default\">\n\t\t\t\t<div class=\"elementor-widget-container\">\n\t\t\t\t\t\t\t\t\t\t\t\t<figure class=\"wp-caption\">\n\t\t\t\t\t\t\t\t\t\t<img loading=\"lazy\" decoding=\"async\" width=\"731\" height=\"731\" src=\"https:\/\/cpcms.fr\/associations\/strasbourg\/wp-content\/uploads\/2025\/11\/1659964410381.jpg\" class=\"attachment-large size-large wp-image-207\" alt=\"\" srcset=\"https:\/\/cpcms.fr\/associations\/strasbourg\/wp-content\/uploads\/2025\/11\/1659964410381.jpg 731w, https:\/\/cpcms.fr\/associations\/strasbourg\/wp-content\/uploads\/2025\/11\/1659964410381-300x300.jpg 300w, https:\/\/cpcms.fr\/associations\/strasbourg\/wp-content\/uploads\/2025\/11\/1659964410381-150x150.jpg 150w\" sizes=\"auto, (max-width: 731px) 100vw, 731px\" \/>\t\t\t\t\t\t\t\t\t\t\t<figcaption class=\"widget-image-caption wp-caption-text\">Vice-pr\u00e9sidente : Guileine L\u00e9vy<\/figcaption>\n\t\t\t\t\t\t\t\t\t\t<\/figure>\n\t\t\t\t\t\t\t\t\t<\/div>\n\t\t\t\t<\/div>\n\t\t\t\t\t<\/div>\n\t\t<\/div>\n\t\t\t\t<div class=\"elementor-column elementor-col-25 elementor-top-column elementor-element elementor-element-0518716\" data-id=\"0518716\" data-element_type=\"column\">\n\t\t\t<div class=\"elementor-widget-wrap elementor-element-populated\">\n\t\t\t\t\t\t\t\t<div class=\"elementor-element elementor-element-7a90e14 elementor-widget elementor-widget-image\" data-id=\"7a90e14\" data-element_type=\"widget\" data-widget_type=\"image.default\">\n\t\t\t\t<div class=\"elementor-widget-container\">\n\t\t\t\t\t\t\t\t\t\t\t\t<figure class=\"wp-caption\">\n\t\t\t\t\t\t\t\t\t\t<img loading=\"lazy\" decoding=\"async\" width=\"566\" height=\"566\" src=\"https:\/\/cpcms.fr\/associations\/strasbourg\/wp-content\/uploads\/2025\/11\/1612693783597.jpg\" class=\"attachment-large size-large wp-image-208\" alt=\"\" srcset=\"https:\/\/cpcms.fr\/associations\/strasbourg\/wp-content\/uploads\/2025\/11\/1612693783597.jpg 566w, https:\/\/cpcms.fr\/associations\/strasbourg\/wp-content\/uploads\/2025\/11\/1612693783597-300x300.jpg 300w, https:\/\/cpcms.fr\/associations\/strasbourg\/wp-content\/uploads\/2025\/11\/1612693783597-150x150.jpg 150w\" sizes=\"auto, (max-width: 566px) 100vw, 566px\" \/>\t\t\t\t\t\t\t\t\t\t\t<figcaption class=\"widget-image-caption wp-caption-text\">Tr\u00e9sorier : St\u00e9phane Ho\u00ebn<\/figcaption>\n\t\t\t\t\t\t\t\t\t\t<\/figure>\n\t\t\t\t\t\t\t\t\t<\/div>\n\t\t\t\t<\/div>\n\t\t\t\t\t<\/div>\n\t\t<\/div>\n\t\t\t\t<div class=\"elementor-column elementor-col-25 elementor-top-column elementor-element elementor-element-69432d0\" data-id=\"69432d0\" data-element_type=\"column\">\n\t\t\t<div class=\"elementor-widget-wrap elementor-element-populated\">\n\t\t\t\t\t\t\t\t<div class=\"elementor-element elementor-element-0c640cc elementor-widget elementor-widget-image\" data-id=\"0c640cc\" data-element_type=\"widget\" data-widget_type=\"image.default\">\n\t\t\t\t<div class=\"elementor-widget-container\">\n\t\t\t\t\t\t\t\t\t\t\t\t<figure class=\"wp-caption\">\n\t\t\t\t\t\t\t\t\t\t<img loading=\"lazy\" decoding=\"async\" width=\"750\" height=\"750\" src=\"https:\/\/cpcms.fr\/associations\/strasbourg\/wp-content\/uploads\/2025\/11\/1647989810459.jpg\" class=\"attachment-large size-large wp-image-210\" alt=\"\" srcset=\"https:\/\/cpcms.fr\/associations\/strasbourg\/wp-content\/uploads\/2025\/11\/1647989810459.jpg 800w, https:\/\/cpcms.fr\/associations\/strasbourg\/wp-content\/uploads\/2025\/11\/1647989810459-300x300.jpg 300w, https:\/\/cpcms.fr\/associations\/strasbourg\/wp-content\/uploads\/2025\/11\/1647989810459-150x150.jpg 150w, https:\/\/cpcms.fr\/associations\/strasbourg\/wp-content\/uploads\/2025\/11\/1647989810459-768x768.jpg 768w\" sizes=\"auto, (max-width: 750px) 100vw, 750px\" \/>\t\t\t\t\t\t\t\t\t\t\t<figcaption class=\"widget-image-caption wp-caption-text\">Secr\u00e9taire : C\u00e9line Sigmann<\/figcaption>\n\t\t\t\t\t\t\t\t\t\t<\/figure>\n\t\t\t\t\t\t\t\t\t<\/div>\n\t\t\t\t<\/div>\n\t\t\t\t\t<\/div>\n\t\t<\/div>\n\t\t\t\t\t\t\t<\/div>\n\t\t<\/section>\n\t\t\t\t<section class=\"elementor-section elementor-top-section elementor-element elementor-element-9aa4685 elementor-section-boxed elementor-section-height-default elementor-section-height-default\" data-id=\"9aa4685\" data-element_type=\"section\">\n\t\t\t\t\t\t<div class=\"elementor-container elementor-column-gap-default\">\n\t\t\t\t\t<div class=\"elementor-column elementor-col-100 elementor-top-column elementor-element elementor-element-cb2f500\" data-id=\"cb2f500\" data-element_type=\"column\">\n\t\t\t<div class=\"elementor-widget-wrap elementor-element-populated\">\n\t\t\t\t\t\t\t\t<div class=\"elementor-element elementor-element-b9356f1 elementor-widget elementor-widget-heading\" data-id=\"b9356f1\" data-element_type=\"widget\" data-widget_type=\"heading.default\">\n\t\t\t\t<div class=\"elementor-widget-container\">\n\t\t\t<h2 class=\"elementor-heading-title elementor-size-default\">Membres de droit<\/h2>\t\t<\/div>\n\t\t\t\t<\/div>\n\t\t\t\t\t<\/div>\n\t\t<\/div>\n\t\t\t\t\t\t\t<\/div>\n\t\t<\/section>\n\t\t\t\t<section class=\"elementor-section elementor-top-section elementor-element elementor-element-7ada533 elementor-section-boxed elementor-section-height-default elementor-section-height-default\" data-id=\"7ada533\" data-element_type=\"section\">\n\t\t\t\t\t\t<div class=\"elementor-container elementor-column-gap-default\">\n\t\t\t\t\t<div class=\"elementor-column elementor-col-25 elementor-top-column elementor-element elementor-element-7fecb89\" data-id=\"7fecb89\" data-element_type=\"column\">\n\t\t\t<div class=\"elementor-widget-wrap elementor-element-populated\">\n\t\t\t\t\t\t\t\t<div class=\"elementor-element elementor-element-9335c4f elementor-widget elementor-widget-image\" data-id=\"9335c4f\" data-element_type=\"widget\" data-widget_type=\"image.default\">\n\t\t\t\t<div class=\"elementor-widget-container\">\n\t\t\t\t\t\t\t\t\t\t\t\t<figure class=\"wp-caption\">\n\t\t\t\t\t\t\t\t\t\t<img loading=\"lazy\" decoding=\"async\" width=\"375\" height=\"375\" src=\"https:\/\/cpcms.fr\/associations\/strasbourg\/wp-content\/uploads\/2025\/11\/1517733551711.jpg\" class=\"attachment-large size-large wp-image-211\" alt=\"\" srcset=\"https:\/\/cpcms.fr\/associations\/strasbourg\/wp-content\/uploads\/2025\/11\/1517733551711.jpg 375w, https:\/\/cpcms.fr\/associations\/strasbourg\/wp-content\/uploads\/2025\/11\/1517733551711-300x300.jpg 300w, https:\/\/cpcms.fr\/associations\/strasbourg\/wp-content\/uploads\/2025\/11\/1517733551711-150x150.jpg 150w\" sizes=\"auto, (max-width: 375px) 100vw, 375px\" \/>\t\t\t\t\t\t\t\t\t\t\t<figcaption class=\"widget-image-caption wp-caption-text\">Doyen : Esther Kellenberger<\/figcaption>\n\t\t\t\t\t\t\t\t\t\t<\/figure>\n\t\t\t\t\t\t\t\t\t<\/div>\n\t\t\t\t<\/div>\n\t\t\t\t\t<\/div>\n\t\t<\/div>\n\t\t\t\t<div class=\"elementor-column elementor-col-25 elementor-top-column elementor-element elementor-element-8332b3c\" data-id=\"8332b3c\" data-element_type=\"column\">\n\t\t\t<div class=\"elementor-widget-wrap elementor-element-populated\">\n\t\t\t\t\t\t\t\t<div class=\"elementor-element elementor-element-42723f0 elementor-widget elementor-widget-image\" data-id=\"42723f0\" data-element_type=\"widget\" data-widget_type=\"image.default\">\n\t\t\t\t<div class=\"elementor-widget-container\">\n\t\t\t\t\t\t\t\t\t\t\t\t<figure class=\"wp-caption\">\n\t\t\t\t\t\t\t\t\t\t<img loading=\"lazy\" decoding=\"async\" width=\"216\" height=\"276\" src=\"https:\/\/cpcms.fr\/associations\/strasbourg\/wp-content\/uploads\/2025\/11\/Sans-titre.jpg\" class=\"attachment-large size-large wp-image-212\" alt=\"\" \/>\t\t\t\t\t\t\t\t\t\t\t<figcaption class=\"widget-image-caption wp-caption-text\">Pr\u00e9sident du CROP : Christian Barth<\/figcaption>\n\t\t\t\t\t\t\t\t\t\t<\/figure>\n\t\t\t\t\t\t\t\t\t<\/div>\n\t\t\t\t<\/div>\n\t\t\t\t\t<\/div>\n\t\t<\/div>\n\t\t\t\t<div class=\"elementor-column elementor-col-25 elementor-top-column elementor-element elementor-element-a1f801b\" data-id=\"a1f801b\" data-element_type=\"column\">\n\t\t\t<div class=\"elementor-widget-wrap elementor-element-populated\">\n\t\t\t\t\t\t\t\t<div class=\"elementor-element elementor-element-680285f elementor-widget elementor-widget-image\" data-id=\"680285f\" data-element_type=\"widget\" data-widget_type=\"image.default\">\n\t\t\t\t<div class=\"elementor-widget-container\">\n\t\t\t\t\t\t\t\t\t\t\t\t<figure class=\"wp-caption\">\n\t\t\t\t\t\t\t\t\t\t<img loading=\"lazy\" decoding=\"async\" width=\"174\" height=\"213\" src=\"https:\/\/cpcms.fr\/associations\/strasbourg\/wp-content\/uploads\/2025\/11\/Sans-titre-2.jpg\" class=\"attachment-large size-large wp-image-214\" alt=\"\" \/>\t\t\t\t\t\t\t\t\t\t\t<figcaption class=\"widget-image-caption wp-caption-text\">Pr\u00e9sidente de la commission des stages : Rachel Matz-Westphal<\/figcaption>\n\t\t\t\t\t\t\t\t\t\t<\/figure>\n\t\t\t\t\t\t\t\t\t<\/div>\n\t\t\t\t<\/div>\n\t\t\t\t\t<\/div>\n\t\t<\/div>\n\t\t\t\t<div class=\"elementor-column elementor-col-25 elementor-top-column elementor-element elementor-element-9ac610a\" data-id=\"9ac610a\" data-element_type=\"column\">\n\t\t\t<div class=\"elementor-widget-wrap elementor-element-populated\">\n\t\t\t\t\t\t\t\t<div class=\"elementor-element elementor-element-8ac968c elementor-widget elementor-widget-image\" data-id=\"8ac968c\" data-element_type=\"widget\" data-widget_type=\"image.default\">\n\t\t\t\t<div class=\"elementor-widget-container\">\n\t\t\t\t\t\t\t\t\t\t\t\t<figure class=\"wp-caption\">\n\t\t\t\t\t\t\t\t\t\t<img loading=\"lazy\" decoding=\"async\" width=\"750\" height=\"750\" src=\"https:\/\/cpcms.fr\/associations\/strasbourg\/wp-content\/uploads\/2025\/11\/1738418598121.jpg\" class=\"attachment-large size-large wp-image-215\" alt=\"\" srcset=\"https:\/\/cpcms.fr\/associations\/strasbourg\/wp-content\/uploads\/2025\/11\/1738418598121.jpg 800w, https:\/\/cpcms.fr\/associations\/strasbourg\/wp-content\/uploads\/2025\/11\/1738418598121-300x300.jpg 300w, https:\/\/cpcms.fr\/associations\/strasbourg\/wp-content\/uploads\/2025\/11\/1738418598121-150x150.jpg 150w, https:\/\/cpcms.fr\/associations\/strasbourg\/wp-content\/uploads\/2025\/11\/1738418598121-768x768.jpg 768w\" sizes=\"auto, (max-width: 750px) 100vw, 750px\" \/>\t\t\t\t\t\t\t\t\t\t\t<figcaption class=\"widget-image-caption wp-caption-text\">Responsable parcours officine : Pascal Wehrl\u00e9<\/figcaption>\n\t\t\t\t\t\t\t\t\t\t<\/figure>\n\t\t\t\t\t\t\t\t\t<\/div>\n\t\t\t\t<\/div>\n\t\t\t\t\t<\/div>\n\t\t<\/div>\n\t\t\t\t\t\t\t<\/div>\n\t\t<\/section>\n\t\t\t\t<section class=\"elementor-section elementor-top-section elementor-element elementor-element-4e84735 elementor-section-boxed elementor-section-height-default elementor-section-height-default\" data-id=\"4e84735\" data-element_type=\"section\">\n\t\t\t\t\t\t<div class=\"elementor-container elementor-column-gap-default\">\n\t\t\t\t\t<div class=\"elementor-column elementor-col-25 elementor-top-column elementor-element elementor-element-483f7de\" data-id=\"483f7de\" data-element_type=\"column\">\n\t\t\t<div class=\"elementor-widget-wrap elementor-element-populated\">\n\t\t\t\t\t\t\t\t<div class=\"elementor-element elementor-element-1950396 elementor-widget elementor-widget-image\" data-id=\"1950396\" data-element_type=\"widget\" data-widget_type=\"image.default\">\n\t\t\t\t<div class=\"elementor-widget-container\">\n\t\t\t\t\t\t\t\t\t\t\t\t<figure class=\"wp-caption\">\n\t\t\t\t\t\t\t\t\t\t<img loading=\"lazy\" decoding=\"async\" width=\"750\" height=\"750\" src=\"https:\/\/cpcms.fr\/associations\/strasbourg\/wp-content\/uploads\/2025\/11\/1666334524036.jpg\" class=\"attachment-large size-large wp-image-216\" alt=\"\" srcset=\"https:\/\/cpcms.fr\/associations\/strasbourg\/wp-content\/uploads\/2025\/11\/1666334524036.jpg 750w, https:\/\/cpcms.fr\/associations\/strasbourg\/wp-content\/uploads\/2025\/11\/1666334524036-300x300.jpg 300w, https:\/\/cpcms.fr\/associations\/strasbourg\/wp-content\/uploads\/2025\/11\/1666334524036-150x150.jpg 150w\" sizes=\"auto, (max-width: 750px) 100vw, 750px\" \/>\t\t\t\t\t\t\t\t\t\t\t<figcaption class=\"widget-image-caption wp-caption-text\">Professeure associ\u00e9 fili\u00e8re officine : Alexandra Champert<\/figcaption>\n\t\t\t\t\t\t\t\t\t\t<\/figure>\n\t\t\t\t\t\t\t\t\t<\/div>\n\t\t\t\t<\/div>\n\t\t\t\t\t<\/div>\n\t\t<\/div>\n\t\t\t\t<div class=\"elementor-column elementor-col-25 elementor-top-column elementor-element elementor-element-f16e118\" data-id=\"f16e118\" data-element_type=\"column\">\n\t\t\t<div class=\"elementor-widget-wrap elementor-element-populated\">\n\t\t\t\t\t\t\t\t<div class=\"elementor-element elementor-element-8f067c6 elementor-widget elementor-widget-image\" data-id=\"8f067c6\" data-element_type=\"widget\" data-widget_type=\"image.default\">\n\t\t\t\t<div class=\"elementor-widget-container\">\n\t\t\t\t\t\t\t\t\t\t\t\t<figure class=\"wp-caption\">\n\t\t\t\t\t\t\t\t\t\t<img loading=\"lazy\" decoding=\"async\" width=\"194\" height=\"194\" src=\"https:\/\/cpcms.fr\/associations\/strasbourg\/wp-content\/uploads\/2023\/03\/Pharmacienne-01-1.png\" class=\"attachment-large size-large wp-image-116\" alt=\"\" srcset=\"https:\/\/cpcms.fr\/associations\/strasbourg\/wp-content\/uploads\/2023\/03\/Pharmacienne-01-1.png 194w, https:\/\/cpcms.fr\/associations\/strasbourg\/wp-content\/uploads\/2023\/03\/Pharmacienne-01-1-150x150.png 150w\" sizes=\"auto, (max-width: 194px) 100vw, 194px\" \/>\t\t\t\t\t\t\t\t\t\t\t<figcaption class=\"widget-image-caption wp-caption-text\">Repr\u00e9sentante des \u00e9tudiants officine : Justine Cott\u00e9<\/figcaption>\n\t\t\t\t\t\t\t\t\t\t<\/figure>\n\t\t\t\t\t\t\t\t\t<\/div>\n\t\t\t\t<\/div>\n\t\t\t\t\t<\/div>\n\t\t<\/div>\n\t\t\t\t<div class=\"elementor-column elementor-col-25 elementor-top-column elementor-element elementor-element-9c653c4\" data-id=\"9c653c4\" data-element_type=\"column\">\n\t\t\t<div class=\"elementor-widget-wrap\">\n\t\t\t\t\t\t\t\t\t<\/div>\n\t\t<\/div>\n\t\t\t\t<div class=\"elementor-column elementor-col-25 elementor-top-column elementor-element elementor-element-45bd21e\" data-id=\"45bd21e\" data-element_type=\"column\">\n\t\t\t<div class=\"elementor-widget-wrap\">\n\t\t\t\t\t\t\t\t\t<\/div>\n\t\t<\/div>\n\t\t\t\t\t\t\t<\/div>\n\t\t<\/section>\n\t\t\t\t<section class=\"elementor-section elementor-top-section elementor-element elementor-element-bbc6aca elementor-section-boxed elementor-section-height-default elementor-section-height-default\" data-id=\"bbc6aca\" data-element_type=\"section\">\n\t\t\t\t\t\t<div class=\"elementor-container elementor-column-gap-default\">\n\t\t\t\t\t<div class=\"elementor-column elementor-col-100 elementor-top-column elementor-element elementor-element-ad6d211\" data-id=\"ad6d211\" data-element_type=\"column\">\n\t\t\t<div class=\"elementor-widget-wrap elementor-element-populated\">\n\t\t\t\t\t\t\t\t<div class=\"elementor-element elementor-element-a7a68a0 elementor-widget elementor-widget-heading\" data-id=\"a7a68a0\" data-element_type=\"widget\" data-widget_type=\"heading.default\">\n\t\t\t\t<div class=\"elementor-widget-container\">\n\t\t\t<h2 class=\"elementor-heading-title elementor-size-default\">Conseillers de stage officinaux<\/h2>\t\t<\/div>\n\t\t\t\t<\/div>\n\t\t\t\t\t<\/div>\n\t\t<\/div>\n\t\t\t\t\t\t\t<\/div>\n\t\t<\/section>\n\t\t\t\t<section class=\"elementor-section elementor-top-section elementor-element elementor-element-d2b542f elementor-section-boxed elementor-section-height-default elementor-section-height-default\" data-id=\"d2b542f\" data-element_type=\"section\">\n\t\t\t\t\t\t<div class=\"elementor-container elementor-column-gap-default\">\n\t\t\t\t\t<div class=\"elementor-column elementor-col-25 elementor-top-column elementor-element elementor-element-7064ec0\" data-id=\"7064ec0\" data-element_type=\"column\">\n\t\t\t<div class=\"elementor-widget-wrap elementor-element-populated\">\n\t\t\t\t\t\t\t\t<div class=\"elementor-element elementor-element-925ce77 elementor-widget elementor-widget-image\" data-id=\"925ce77\" data-element_type=\"widget\" data-widget_type=\"image.default\">\n\t\t\t\t<div class=\"elementor-widget-container\">\n\t\t\t\t\t\t\t\t\t\t\t\t<figure class=\"wp-caption\">\n\t\t\t\t\t\t\t\t\t\t<img loading=\"lazy\" decoding=\"async\" width=\"500\" height=\"500\" src=\"https:\/\/cpcms.fr\/associations\/strasbourg\/wp-content\/uploads\/2025\/11\/1516860197393.jpg\" class=\"attachment-large size-large wp-image-217\" alt=\"\" srcset=\"https:\/\/cpcms.fr\/associations\/strasbourg\/wp-content\/uploads\/2025\/11\/1516860197393.jpg 500w, https:\/\/cpcms.fr\/associations\/strasbourg\/wp-content\/uploads\/2025\/11\/1516860197393-300x300.jpg 300w, https:\/\/cpcms.fr\/associations\/strasbourg\/wp-content\/uploads\/2025\/11\/1516860197393-150x150.jpg 150w\" sizes=\"auto, (max-width: 500px) 100vw, 500px\" \/>\t\t\t\t\t\t\t\t\t\t\t<figcaption class=\"widget-image-caption wp-caption-text\">Pierre Beck<\/figcaption>\n\t\t\t\t\t\t\t\t\t\t<\/figure>\n\t\t\t\t\t\t\t\t\t<\/div>\n\t\t\t\t<\/div>\n\t\t\t\t\t<\/div>\n\t\t<\/div>\n\t\t\t\t<div class=\"elementor-column elementor-col-25 elementor-top-column elementor-element elementor-element-af639a8\" data-id=\"af639a8\" data-element_type=\"column\">\n\t\t\t<div class=\"elementor-widget-wrap elementor-element-populated\">\n\t\t\t\t\t\t\t\t<div class=\"elementor-element elementor-element-129c462 elementor-widget elementor-widget-image\" data-id=\"129c462\" data-element_type=\"widget\" data-widget_type=\"image.default\">\n\t\t\t\t<div class=\"elementor-widget-container\">\n\t\t\t\t\t\t\t\t\t\t\t\t<figure class=\"wp-caption\">\n\t\t\t\t\t\t\t\t\t\t<img loading=\"lazy\" decoding=\"async\" width=\"560\" height=\"560\" src=\"https:\/\/cpcms.fr\/associations\/strasbourg\/wp-content\/uploads\/2025\/11\/1634549741912.jpg\" class=\"attachment-large size-large wp-image-218\" alt=\"\" srcset=\"https:\/\/cpcms.fr\/associations\/strasbourg\/wp-content\/uploads\/2025\/11\/1634549741912.jpg 560w, https:\/\/cpcms.fr\/associations\/strasbourg\/wp-content\/uploads\/2025\/11\/1634549741912-300x300.jpg 300w, https:\/\/cpcms.fr\/associations\/strasbourg\/wp-content\/uploads\/2025\/11\/1634549741912-150x150.jpg 150w\" sizes=\"auto, (max-width: 560px) 100vw, 560px\" \/>\t\t\t\t\t\t\t\t\t\t\t<figcaption class=\"widget-image-caption wp-caption-text\">Fleur Mathieu<\/figcaption>\n\t\t\t\t\t\t\t\t\t\t<\/figure>\n\t\t\t\t\t\t\t\t\t<\/div>\n\t\t\t\t<\/div>\n\t\t\t\t\t<\/div>\n\t\t<\/div>\n\t\t\t\t<div class=\"elementor-column elementor-col-25 elementor-top-column elementor-element elementor-element-d2de579\" data-id=\"d2de579\" data-element_type=\"column\">\n\t\t\t<div class=\"elementor-widget-wrap elementor-element-populated\">\n\t\t\t\t\t\t\t\t<div class=\"elementor-element elementor-element-efddcfc elementor-widget elementor-widget-image\" data-id=\"efddcfc\" data-element_type=\"widget\" data-widget_type=\"image.default\">\n\t\t\t\t<div class=\"elementor-widget-container\">\n\t\t\t\t\t\t\t\t\t\t\t\t<figure class=\"wp-caption\">\n\t\t\t\t\t\t\t\t\t\t<img loading=\"lazy\" decoding=\"async\" width=\"194\" height=\"194\" src=\"https:\/\/cpcms.fr\/associations\/strasbourg\/wp-content\/uploads\/2023\/03\/Pharmacien-04-1.png\" class=\"attachment-large size-large wp-image-115\" alt=\"\" srcset=\"https:\/\/cpcms.fr\/associations\/strasbourg\/wp-content\/uploads\/2023\/03\/Pharmacien-04-1.png 194w, https:\/\/cpcms.fr\/associations\/strasbourg\/wp-content\/uploads\/2023\/03\/Pharmacien-04-1-150x150.png 150w\" sizes=\"auto, (max-width: 194px) 100vw, 194px\" \/>\t\t\t\t\t\t\t\t\t\t\t<figcaption class=\"widget-image-caption wp-caption-text\">Alexandre Dory<\/figcaption>\n\t\t\t\t\t\t\t\t\t\t<\/figure>\n\t\t\t\t\t\t\t\t\t<\/div>\n\t\t\t\t<\/div>\n\t\t\t\t\t<\/div>\n\t\t<\/div>\n\t\t\t\t<div class=\"elementor-column elementor-col-25 elementor-top-column elementor-element elementor-element-b81dd2c\" data-id=\"b81dd2c\" data-element_type=\"column\">\n\t\t\t<div class=\"elementor-widget-wrap\">\n\t\t\t\t\t\t\t\t\t<\/div>\n\t\t<\/div>\n\t\t\t\t\t\t\t<\/div>\n\t\t<\/section>\n\t\t\t\t<section class=\"elementor-section elementor-top-section elementor-element elementor-element-81e4659 elementor-section-boxed elementor-section-height-default elementor-section-height-default\" data-id=\"81e4659\" data-element_type=\"section\">\n\t\t\t\t\t\t<div class=\"elementor-container elementor-column-gap-default\">\n\t\t\t\t\t<div class=\"elementor-column elementor-col-100 elementor-top-column elementor-element elementor-element-e8b9e36\" data-id=\"e8b9e36\" data-element_type=\"column\">\n\t\t\t<div class=\"elementor-widget-wrap elementor-element-populated\">\n\t\t\t\t\t\t\t\t<div class=\"elementor-element elementor-element-a7aa05f elementor-widget elementor-widget-heading\" data-id=\"a7aa05f\" data-element_type=\"widget\" data-widget_type=\"heading.default\">\n\t\t\t\t<div class=\"elementor-widget-container\">\n\t\t\t<h2 class=\"elementor-heading-title elementor-size-default\">Conseillers de stage universitaires<\/h2>\t\t<\/div>\n\t\t\t\t<\/div>\n\t\t\t\t\t<\/div>\n\t\t<\/div>\n\t\t\t\t\t\t\t<\/div>\n\t\t<\/section>\n\t\t\t\t<section class=\"elementor-section elementor-top-section elementor-element elementor-element-2344ea6 elementor-section-boxed elementor-section-height-default elementor-section-height-default\" data-id=\"2344ea6\" data-element_type=\"section\">\n\t\t\t\t\t\t<div class=\"elementor-container elementor-column-gap-default\">\n\t\t\t\t\t<div class=\"elementor-column elementor-col-25 elementor-top-column elementor-element elementor-element-9f5c243\" data-id=\"9f5c243\" data-element_type=\"column\">\n\t\t\t<div class=\"elementor-widget-wrap elementor-element-populated\">\n\t\t\t\t\t\t\t\t<div class=\"elementor-element elementor-element-47972db elementor-widget elementor-widget-image\" data-id=\"47972db\" data-element_type=\"widget\" data-widget_type=\"image.default\">\n\t\t\t\t<div class=\"elementor-widget-container\">\n\t\t\t\t\t\t\t\t\t\t\t\t<figure class=\"wp-caption\">\n\t\t\t\t\t\t\t\t\t\t<img loading=\"lazy\" decoding=\"async\" width=\"194\" height=\"194\" src=\"https:\/\/cpcms.fr\/associations\/strasbourg\/wp-content\/uploads\/2023\/03\/Pharmacienne-01-1.png\" class=\"attachment-large size-large wp-image-116\" alt=\"\" srcset=\"https:\/\/cpcms.fr\/associations\/strasbourg\/wp-content\/uploads\/2023\/03\/Pharmacienne-01-1.png 194w, https:\/\/cpcms.fr\/associations\/strasbourg\/wp-content\/uploads\/2023\/03\/Pharmacienne-01-1-150x150.png 150w\" sizes=\"auto, (max-width: 194px) 100vw, 194px\" \/>\t\t\t\t\t\t\t\t\t\t\t<figcaption class=\"widget-image-caption wp-caption-text\">Vice-Doyen : Emilie Sick<\/figcaption>\n\t\t\t\t\t\t\t\t\t\t<\/figure>\n\t\t\t\t\t\t\t\t\t<\/div>\n\t\t\t\t<\/div>\n\t\t\t\t\t<\/div>\n\t\t<\/div>\n\t\t\t\t<div class=\"elementor-column elementor-col-25 elementor-top-column elementor-element elementor-element-4ac5c96\" data-id=\"4ac5c96\" data-element_type=\"column\">\n\t\t\t<div class=\"elementor-widget-wrap elementor-element-populated\">\n\t\t\t\t\t\t\t\t<div class=\"elementor-element elementor-element-5d6be9e elementor-widget elementor-widget-image\" data-id=\"5d6be9e\" data-element_type=\"widget\" data-widget_type=\"image.default\">\n\t\t\t\t<div class=\"elementor-widget-container\">\n\t\t\t\t\t\t\t\t\t\t\t\t<figure class=\"wp-caption\">\n\t\t\t\t\t\t\t\t\t\t<img loading=\"lazy\" decoding=\"async\" width=\"168\" height=\"168\" src=\"https:\/\/cpcms.fr\/associations\/strasbourg\/wp-content\/uploads\/2025\/11\/1516847095632.jpg\" class=\"attachment-large size-large wp-image-219\" alt=\"\" srcset=\"https:\/\/cpcms.fr\/associations\/strasbourg\/wp-content\/uploads\/2025\/11\/1516847095632.jpg 168w, https:\/\/cpcms.fr\/associations\/strasbourg\/wp-content\/uploads\/2025\/11\/1516847095632-150x150.jpg 150w\" sizes=\"auto, (max-width: 168px) 100vw, 168px\" \/>\t\t\t\t\t\t\t\t\t\t\t<figcaption class=\"widget-image-caption wp-caption-text\">Vice-Doyen : B\u00e9atrice Heurtault<\/figcaption>\n\t\t\t\t\t\t\t\t\t\t<\/figure>\n\t\t\t\t\t\t\t\t\t<\/div>\n\t\t\t\t<\/div>\n\t\t\t\t\t<\/div>\n\t\t<\/div>\n\t\t\t\t<div class=\"elementor-column elementor-col-25 elementor-top-column elementor-element elementor-element-a7c7b40\" data-id=\"a7c7b40\" data-element_type=\"column\">\n\t\t\t<div class=\"elementor-widget-wrap elementor-element-populated\">\n\t\t\t\t\t\t\t\t<div class=\"elementor-element elementor-element-30b9ae9 elementor-widget elementor-widget-image\" data-id=\"30b9ae9\" data-element_type=\"widget\" data-widget_type=\"image.default\">\n\t\t\t\t<div class=\"elementor-widget-container\">\n\t\t\t\t\t\t\t\t\t\t\t\t<figure class=\"wp-caption\">\n\t\t\t\t\t\t\t\t\t\t<img loading=\"lazy\" decoding=\"async\" width=\"750\" height=\"750\" src=\"https:\/\/cpcms.fr\/associations\/strasbourg\/wp-content\/uploads\/2025\/11\/1741895587611.jpg\" class=\"attachment-large size-large wp-image-220\" alt=\"\" srcset=\"https:\/\/cpcms.fr\/associations\/strasbourg\/wp-content\/uploads\/2025\/11\/1741895587611.jpg 800w, https:\/\/cpcms.fr\/associations\/strasbourg\/wp-content\/uploads\/2025\/11\/1741895587611-300x300.jpg 300w, https:\/\/cpcms.fr\/associations\/strasbourg\/wp-content\/uploads\/2025\/11\/1741895587611-150x150.jpg 150w, https:\/\/cpcms.fr\/associations\/strasbourg\/wp-content\/uploads\/2025\/11\/1741895587611-768x768.jpg 768w\" sizes=\"auto, (max-width: 750px) 100vw, 750px\" \/>\t\t\t\t\t\t\t\t\t\t\t<figcaption class=\"widget-image-caption wp-caption-text\">Carole Ronzani<\/figcaption>\n\t\t\t\t\t\t\t\t\t\t<\/figure>\n\t\t\t\t\t\t\t\t\t<\/div>\n\t\t\t\t<\/div>\n\t\t\t\t\t<\/div>\n\t\t<\/div>\n\t\t\t\t<div class=\"elementor-column elementor-col-25 elementor-top-column elementor-element elementor-element-6b2568c\" data-id=\"6b2568c\" data-element_type=\"column\">\n\t\t\t<div class=\"elementor-widget-wrap elementor-element-populated\">\n\t\t\t\t\t\t\t\t<div class=\"elementor-element elementor-element-2388d31 elementor-widget elementor-widget-image\" data-id=\"2388d31\" data-element_type=\"widget\" data-widget_type=\"image.default\">\n\t\t\t\t<div class=\"elementor-widget-container\">\n\t\t\t\t\t\t\t\t\t\t\t\t<figure class=\"wp-caption\">\n\t\t\t\t\t\t\t\t\t\t<img loading=\"lazy\" decoding=\"async\" width=\"194\" height=\"194\" src=\"https:\/\/cpcms.fr\/associations\/strasbourg\/wp-content\/uploads\/2023\/03\/Pharmacienne-01-1.png\" class=\"attachment-large size-large wp-image-116\" alt=\"\" srcset=\"https:\/\/cpcms.fr\/associations\/strasbourg\/wp-content\/uploads\/2023\/03\/Pharmacienne-01-1.png 194w, https:\/\/cpcms.fr\/associations\/strasbourg\/wp-content\/uploads\/2023\/03\/Pharmacienne-01-1-150x150.png 150w\" sizes=\"auto, (max-width: 194px) 100vw, 194px\" \/>\t\t\t\t\t\t\t\t\t\t\t<figcaption class=\"widget-image-caption wp-caption-text\">Anne Casset<\/figcaption>\n\t\t\t\t\t\t\t\t\t\t<\/figure>\n\t\t\t\t\t\t\t\t\t<\/div>\n\t\t\t\t<\/div>\n\t\t\t\t\t<\/div>\n\t\t<\/div>\n\t\t\t\t\t\t\t<\/div>\n\t\t<\/section>\n\t\t\t\t<section class=\"elementor-section elementor-top-section elementor-element elementor-element-1c0b213 elementor-section-boxed elementor-section-height-default elementor-section-height-default\" data-id=\"1c0b213\" data-element_type=\"section\">\n\t\t\t\t\t\t<div class=\"elementor-container elementor-column-gap-default\">\n\t\t\t\t\t<div class=\"elementor-column elementor-col-25 elementor-top-column elementor-element elementor-element-abd1c15\" data-id=\"abd1c15\" data-element_type=\"column\">\n\t\t\t<div class=\"elementor-widget-wrap elementor-element-populated\">\n\t\t\t\t\t\t\t\t<div class=\"elementor-element elementor-element-57a4f1c elementor-widget elementor-widget-image\" data-id=\"57a4f1c\" data-element_type=\"widget\" data-widget_type=\"image.default\">\n\t\t\t\t<div class=\"elementor-widget-container\">\n\t\t\t\t\t\t\t\t\t\t\t\t<figure class=\"wp-caption\">\n\t\t\t\t\t\t\t\t\t\t<img loading=\"lazy\" decoding=\"async\" width=\"389\" height=\"389\" src=\"https:\/\/cpcms.fr\/associations\/strasbourg\/wp-content\/uploads\/2025\/11\/1516531207389.jpg\" class=\"attachment-large size-large wp-image-221\" alt=\"\" srcset=\"https:\/\/cpcms.fr\/associations\/strasbourg\/wp-content\/uploads\/2025\/11\/1516531207389.jpg 389w, https:\/\/cpcms.fr\/associations\/strasbourg\/wp-content\/uploads\/2025\/11\/1516531207389-300x300.jpg 300w, https:\/\/cpcms.fr\/associations\/strasbourg\/wp-content\/uploads\/2025\/11\/1516531207389-150x150.jpg 150w\" sizes=\"auto, (max-width: 389px) 100vw, 389px\" \/>\t\t\t\t\t\t\t\t\t\t\t<figcaption class=\"widget-image-caption wp-caption-text\">Nelly Etienne-Selloum<\/figcaption>\n\t\t\t\t\t\t\t\t\t\t<\/figure>\n\t\t\t\t\t\t\t\t\t<\/div>\n\t\t\t\t<\/div>\n\t\t\t\t\t<\/div>\n\t\t<\/div>\n\t\t\t\t<div class=\"elementor-column elementor-col-25 elementor-top-column elementor-element elementor-element-88b2c69\" data-id=\"88b2c69\" data-element_type=\"column\">\n\t\t\t<div class=\"elementor-widget-wrap elementor-element-populated\">\n\t\t\t\t\t\t\t\t<div class=\"elementor-element elementor-element-e567807 elementor-widget elementor-widget-image\" data-id=\"e567807\" data-element_type=\"widget\" data-widget_type=\"image.default\">\n\t\t\t\t<div class=\"elementor-widget-container\">\n\t\t\t\t\t\t\t\t\t\t\t\t<figure class=\"wp-caption\">\n\t\t\t\t\t\t\t\t\t\t<img loading=\"lazy\" decoding=\"async\" width=\"750\" height=\"750\" src=\"https:\/\/cpcms.fr\/associations\/strasbourg\/wp-content\/uploads\/2025\/11\/1545467886380.jpg\" class=\"attachment-large size-large wp-image-222\" alt=\"\" srcset=\"https:\/\/cpcms.fr\/associations\/strasbourg\/wp-content\/uploads\/2025\/11\/1545467886380.jpg 751w, https:\/\/cpcms.fr\/associations\/strasbourg\/wp-content\/uploads\/2025\/11\/1545467886380-300x300.jpg 300w, https:\/\/cpcms.fr\/associations\/strasbourg\/wp-content\/uploads\/2025\/11\/1545467886380-150x150.jpg 150w\" sizes=\"auto, (max-width: 750px) 100vw, 750px\" \/>\t\t\t\t\t\t\t\t\t\t\t<figcaption class=\"widget-image-caption wp-caption-text\">Genevi\u00e8ve Ubeaud-S\u00e9quier<\/figcaption>\n\t\t\t\t\t\t\t\t\t\t<\/figure>\n\t\t\t\t\t\t\t\t\t<\/div>\n\t\t\t\t<\/div>\n\t\t\t\t\t<\/div>\n\t\t<\/div>\n\t\t\t\t<div class=\"elementor-column elementor-col-25 elementor-top-column elementor-element elementor-element-4827608\" data-id=\"4827608\" data-element_type=\"column\">\n\t\t\t<div class=\"elementor-widget-wrap\">\n\t\t\t\t\t\t\t\t\t<\/div>\n\t\t<\/div>\n\t\t\t\t<div class=\"elementor-column elementor-col-25 elementor-top-column elementor-element elementor-element-712504b\" data-id=\"712504b\" data-element_type=\"column\">\n\t\t\t<div class=\"elementor-widget-wrap\">\n\t\t\t\t\t\t\t\t\t<\/div>\n\t\t<\/div>\n\t\t\t\t\t\t\t<\/div>\n\t\t<\/section>\n\t\t\t\t<section class=\"elementor-section elementor-top-section elementor-element elementor-element-f612131 elementor-section-boxed elementor-section-height-default elementor-section-height-default\" data-id=\"f612131\" data-element_type=\"section\">\n\t\t\t\t\t\t<div class=\"elementor-container elementor-column-gap-default\">\n\t\t\t\t\t<div class=\"elementor-column elementor-col-100 elementor-top-column elementor-element elementor-element-a5074fd\" data-id=\"a5074fd\" data-element_type=\"column\">\n\t\t\t<div class=\"elementor-widget-wrap elementor-element-populated\">\n\t\t\t\t\t\t\t\t<div class=\"elementor-element elementor-element-de3ae2b elementor-widget elementor-widget-heading\" data-id=\"de3ae2b\" data-element_type=\"widget\" data-widget_type=\"heading.default\">\n\t\t\t\t<div class=\"elementor-widget-container\">\n\t\t\t<h2 class=\"elementor-heading-title elementor-size-default\">Membres actifs<\/h2>\t\t<\/div>\n\t\t\t\t<\/div>\n\t\t\t\t\t<\/div>\n\t\t<\/div>\n\t\t\t\t\t\t\t<\/div>\n\t\t<\/section>\n\t\t\t\t<section class=\"elementor-section elementor-top-section elementor-element elementor-element-999488c elementor-section-boxed elementor-section-height-default elementor-section-height-default\" data-id=\"999488c\" data-element_type=\"section\">\n\t\t\t\t\t\t<div class=\"elementor-container elementor-column-gap-default\">\n\t\t\t\t\t<div class=\"elementor-column elementor-col-25 elementor-top-column elementor-element elementor-element-59d2c03\" data-id=\"59d2c03\" data-element_type=\"column\">\n\t\t\t<div class=\"elementor-widget-wrap elementor-element-populated\">\n\t\t\t\t\t\t\t\t<div class=\"elementor-element elementor-element-384f688 elementor-widget elementor-widget-image\" data-id=\"384f688\" data-element_type=\"widget\" data-widget_type=\"image.default\">\n\t\t\t\t<div class=\"elementor-widget-container\">\n\t\t\t\t\t\t\t\t\t\t\t\t<figure class=\"wp-caption\">\n\t\t\t\t\t\t\t\t\t\t<img loading=\"lazy\" decoding=\"async\" width=\"504\" height=\"504\" src=\"https:\/\/cpcms.fr\/associations\/strasbourg\/wp-content\/uploads\/2025\/11\/8-GAERTNER.jpg\" class=\"attachment-large size-large wp-image-226\" alt=\"\" srcset=\"https:\/\/cpcms.fr\/associations\/strasbourg\/wp-content\/uploads\/2025\/11\/8-GAERTNER.jpg 504w, https:\/\/cpcms.fr\/associations\/strasbourg\/wp-content\/uploads\/2025\/11\/8-GAERTNER-300x300.jpg 300w, https:\/\/cpcms.fr\/associations\/strasbourg\/wp-content\/uploads\/2025\/11\/8-GAERTNER-150x150.jpg 150w\" sizes=\"auto, (max-width: 504px) 100vw, 504px\" \/>\t\t\t\t\t\t\t\t\t\t\t<figcaption class=\"widget-image-caption wp-caption-text\">Alexandra Gaertner<\/figcaption>\n\t\t\t\t\t\t\t\t\t\t<\/figure>\n\t\t\t\t\t\t\t\t\t<\/div>\n\t\t\t\t<\/div>\n\t\t\t\t\t<\/div>\n\t\t<\/div>\n\t\t\t\t<div class=\"elementor-column elementor-col-25 elementor-top-column elementor-element elementor-element-d4f439e\" data-id=\"d4f439e\" data-element_type=\"column\">\n\t\t\t<div class=\"elementor-widget-wrap elementor-element-populated\">\n\t\t\t\t\t\t\t\t<div class=\"elementor-element elementor-element-6239b7f elementor-widget elementor-widget-image\" data-id=\"6239b7f\" data-element_type=\"widget\" data-widget_type=\"image.default\">\n\t\t\t\t<div class=\"elementor-widget-container\">\n\t\t\t\t\t\t\t\t\t\t\t\t<figure class=\"wp-caption\">\n\t\t\t\t\t\t\t\t\t\t<img loading=\"lazy\" decoding=\"async\" width=\"194\" height=\"194\" src=\"https:\/\/cpcms.fr\/associations\/strasbourg\/wp-content\/uploads\/2023\/03\/Pharmacien-04-1.png\" class=\"attachment-large size-large wp-image-115\" alt=\"\" srcset=\"https:\/\/cpcms.fr\/associations\/strasbourg\/wp-content\/uploads\/2023\/03\/Pharmacien-04-1.png 194w, https:\/\/cpcms.fr\/associations\/strasbourg\/wp-content\/uploads\/2023\/03\/Pharmacien-04-1-150x150.png 150w\" sizes=\"auto, (max-width: 194px) 100vw, 194px\" \/>\t\t\t\t\t\t\t\t\t\t\t<figcaption class=\"widget-image-caption wp-caption-text\">Fabien Meyer<\/figcaption>\n\t\t\t\t\t\t\t\t\t\t<\/figure>\n\t\t\t\t\t\t\t\t\t<\/div>\n\t\t\t\t<\/div>\n\t\t\t\t\t<\/div>\n\t\t<\/div>\n\t\t\t\t<div class=\"elementor-column elementor-col-25 elementor-top-column elementor-element elementor-element-987f774\" data-id=\"987f774\" data-element_type=\"column\">\n\t\t\t<div class=\"elementor-widget-wrap elementor-element-populated\">\n\t\t\t\t\t\t\t\t<div class=\"elementor-element elementor-element-06bb3c0 elementor-widget elementor-widget-image\" data-id=\"06bb3c0\" data-element_type=\"widget\" data-widget_type=\"image.default\">\n\t\t\t\t<div class=\"elementor-widget-container\">\n\t\t\t\t\t\t\t\t\t\t\t\t<figure class=\"wp-caption\">\n\t\t\t\t\t\t\t\t\t\t<img loading=\"lazy\" decoding=\"async\" width=\"194\" height=\"194\" src=\"https:\/\/cpcms.fr\/associations\/strasbourg\/wp-content\/uploads\/2023\/03\/Pharmacienne-01-1.png\" class=\"attachment-large size-large wp-image-116\" alt=\"\" srcset=\"https:\/\/cpcms.fr\/associations\/strasbourg\/wp-content\/uploads\/2023\/03\/Pharmacienne-01-1.png 194w, https:\/\/cpcms.fr\/associations\/strasbourg\/wp-content\/uploads\/2023\/03\/Pharmacienne-01-1-150x150.png 150w\" sizes=\"auto, (max-width: 194px) 100vw, 194px\" \/>\t\t\t\t\t\t\t\t\t\t\t<figcaption class=\"widget-image-caption wp-caption-text\">Cl\u00e9mence Penn (adjointe)<\/figcaption>\n\t\t\t\t\t\t\t\t\t\t<\/figure>\n\t\t\t\t\t\t\t\t\t<\/div>\n\t\t\t\t<\/div>\n\t\t\t\t\t<\/div>\n\t\t<\/div>\n\t\t\t\t<div class=\"elementor-column elementor-col-25 elementor-top-column elementor-element elementor-element-19a2352\" data-id=\"19a2352\" data-element_type=\"column\">\n\t\t\t<div class=\"elementor-widget-wrap elementor-element-populated\">\n\t\t\t\t\t\t\t\t<div class=\"elementor-element elementor-element-7e3528d elementor-widget elementor-widget-image\" data-id=\"7e3528d\" data-element_type=\"widget\" data-widget_type=\"image.default\">\n\t\t\t\t<div class=\"elementor-widget-container\">\n\t\t\t\t\t\t\t\t\t\t\t\t<figure class=\"wp-caption\">\n\t\t\t\t\t\t\t\t\t\t<img loading=\"lazy\" decoding=\"async\" width=\"194\" height=\"194\" src=\"https:\/\/cpcms.fr\/associations\/strasbourg\/wp-content\/uploads\/2023\/03\/Pharmacien-02-1.png\" class=\"attachment-large size-large wp-image-113\" alt=\"\" srcset=\"https:\/\/cpcms.fr\/associations\/strasbourg\/wp-content\/uploads\/2023\/03\/Pharmacien-02-1.png 194w, https:\/\/cpcms.fr\/associations\/strasbourg\/wp-content\/uploads\/2023\/03\/Pharmacien-02-1-150x150.png 150w\" sizes=\"auto, (max-width: 194px) 100vw, 194px\" \/>\t\t\t\t\t\t\t\t\t\t\t<figcaption class=\"widget-image-caption wp-caption-text\">Alexandre Heili (adjoint)<\/figcaption>\n\t\t\t\t\t\t\t\t\t\t<\/figure>\n\t\t\t\t\t\t\t\t\t<\/div>\n\t\t\t\t<\/div>\n\t\t\t\t\t<\/div>\n\t\t<\/div>\n\t\t\t\t\t\t\t<\/div>\n\t\t<\/section>\n\t\t\t\t\t\t\t<\/div>\n\t\t","protected":false},"excerpt":{"rendered":"<p>Conseil d&rsquo;administration Pr\u00e9sident : David Finantz Vice-pr\u00e9sidente : Guileine L\u00e9vy Tr\u00e9sorier : St\u00e9phane Ho\u00ebn Secr\u00e9taire : C\u00e9line Sigmann Membres de droit Doyen : Esther Kellenberger Pr\u00e9sident du CROP : Christian Barth Pr\u00e9sidente de la commission des stages : Rachel Matz-Westphal Responsable parcours officine : Pascal Wehrl\u00e9 Professeure associ\u00e9 fili\u00e8re officine [&hellip;]<\/p>\n","protected":false},"author":1,"featured_media":0,"parent":0,"menu_order":0,"comment_status":"closed","ping_status":"closed","template":"","meta":{"footnotes":""},"class_list":["post-9","page","type-page","status-publish","hentry"],"_links":{"self":[{"href":"https:\/\/cpcms.fr\/associations\/strasbourg\/wp-json\/wp\/v2\/pages\/9","targetHints":{"allow":["GET"]}}],"collection":[{"href":"https:\/\/cpcms.fr\/associations\/strasbourg\/wp-json\/wp\/v2\/pages"}],"about":[{"href":"https:\/\/cpcms.fr\/associations\/strasbourg\/wp-json\/wp\/v2\/types\/page"}],"author":[{"embeddable":true,"href":"https:\/\/cpcms.fr\/associations\/strasbourg\/wp-json\/wp\/v2\/users\/1"}],"replies":[{"embeddable":true,"href":"https:\/\/cpcms.fr\/associations\/strasbourg\/wp-json\/wp\/v2\/comments?post=9"}],"version-history":[{"count":37,"href":"https:\/\/cpcms.fr\/associations\/strasbourg\/wp-json\/wp\/v2\/pages\/9\/revisions"}],"predecessor-version":[{"id":230,"href":"https:\/\/cpcms.fr\/associations\/strasbourg\/wp-json\/wp\/v2\/pages\/9\/revisions\/230"}],"wp:attachment":[{"href":"https:\/\/cpcms.fr\/associations\/strasbourg\/wp-json\/wp\/v2\/media?parent=9"}],"curies":[{"name":"wp","href":"https:\/\/api.w.org\/{rel}","templated":true}]}}